{"id":16980,"date":"2024-07-09T08:37:43","date_gmt":"2024-07-09T12:37:43","guid":{"rendered":"https:\/\/boscoville1stg.wpenginepowered.com\/en\/?page_id=16941helys-6-to-11-years-old-offering-parenting-support\/"},"modified":"2026-03-30T18:45:34","modified_gmt":"2026-03-30T22:45:34","slug":"helys-ages-6-to-11","status":"publish","type":"deployment-program","link":"https:\/\/www.boscoville.ca\/en\/boscoville-services\/our-programs\/helys-ages-6-to-11\/","title":{"rendered":"H\u00e9lys 6-11: Providing Parenting Support"},"content":{"rendered":"\n<section class=\"wp-block-vortex-blocks-color-boxes-group color-boxes-group-block alignfull\"><div class=\"color-boxes-group__inner container\"><div class=\"color-box-item aligndefault\"\n>\n   <div class=\"color-box-item__box has-background has-secondary-background-color has-text-color  has-white-color has-icon\">\n    <p class=\"color-box-item__title\">Based On<\/p>\n    <div class=\"color-box-item__content wysiwyg\"><p>The collaborative approach, which consists of developing and maintaining an egalitarian, non-hierarchical relationship between social care professionals and parents benefiting from the intervention.<\/p>\n<p>The behavioural approach, used through means of interaction employed by the facilitators, such as modelling, role-playing, large-group discussions, practical exercises at home, etc.<\/p>\n<\/div>\n         <div class=\"color-box-item__icon\">\n       <img loading=\"lazy\" decoding=\"async\" width=\"92\" height=\"86\" src=\"https:\/\/www.boscoville.ca\/wp-content\/uploads\/2022\/06\/check.png\" alt=\"bas\u00e9 sur\" title=\"\">     <\/div>\n      <\/div>\n<\/div>\n<\/div><\/section>\n\n\n\n<div style=\"height:10px\" aria-hidden=\"true\" class=\"wp-block-spacer\"><\/div>\n\n\n\n<div class=\"wp-block-columns is-layout-flex wp-container-core-columns-is-layout-28f84493 wp-block-columns-is-layout-flex\">\n<div class=\"wp-block-column is-layout-flow wp-block-column-is-layout-flow\" style=\"flex-basis:33.33%\">\n<h2 class=\"wp-block-heading has-helys-2-color has-text-color has-link-color wp-elements-71c9dfd4c20f9d4d7c1f06363c8244d9\"><strong>The Foundations of the H\u00e9lys 6-11 Program <\/strong><\/h2>\n<\/div>\n\n\n\n<div class=\"wp-block-column is-layout-flow wp-block-column-is-layout-flow\" style=\"flex-basis:66.66%\">\n<p>The theoretical foundations on which the content of H\u00e9lys 6-11 is based derive from the ecosystemic conceptual framework of parenting (<em>Lacharit\u00e9 et al., 2015<\/em>), knowledge of child development, conceptual links between this knowledge and parenting practices (<em>Speidel et al., 2020; Joussemet, et al., 2018; Comeau et al., 2013<\/em>) as well as key elements of successful parenting support intervention programs (<em>e.g., Leijten et al., 2019; Comeau et al., 2013; Webster, 2005; Ben Amor et al., 2012<\/em>).<\/p>\n<\/div>\n<\/div>\n\n\n\n<div class=\"wp-block-columns is-layout-flex wp-container-core-columns-is-layout-28f84493 wp-block-columns-is-layout-flex\">\n<div class=\"wp-block-column is-layout-flow wp-block-column-is-layout-flow\" style=\"flex-basis:33.33%\">\n<h2 class=\"wp-block-heading has-helys-2-color has-text-color has-link-color wp-elements-8d5b3f2300a8519c8ddb29f121aa7465\"><strong>Objectives of the H\u00e9lys 6-11 Program <\/strong><\/h2>\n<\/div>\n\n\n\n<div class=\"wp-block-column is-layout-flow wp-block-column-is-layout-flow\" style=\"flex-basis:66.66%\">\n<p>H\u00e9lys 6-11 is a closed group intervention for 8 to 15 parents. The program consists of eight weekly two-hour workshops.<\/p>\n\n\n\n<p>The main objective of H\u00e9lys 6-11 is to promote the well-being and harmonious development of children. This program is specially designed to reinforce parenting skills and improve parents&#8217; practices towards their children. By participating in the H\u00e9lys 6-11 program, parents acquire tools and discover strategies to better understand and respond to their children&#8217;s needs, thus fostering a healthier, more fulfilling family environment.<\/p>\n\n\n\n<p>Topics covered include self-image, children at school, managing screens, managing emotions, friendship and fraternal relationships, and managing behaviour. Six principles of parenting are mobilized throughout the program.<\/p>\n<\/div>\n<\/div>\n\n\n\n<div style=\"height:10px\" aria-hidden=\"true\" class=\"wp-block-spacer\"><\/div>\n\n\n  <section class=\"paragraph-banner-block alignfull has-background has-helys-2-background-color\"\n  >\n    <div class=\"paragraph-banner-block__inner container\">\n      <p class=\"paragraph-text\">&#8220;<em>I believe it reassured the parents a lot and validated them. It gave them confidence in their skills and abilities, while reassuring them, since there were guidelines throughout the workshops<\/em>.&#8221;<\/p>\n              <p class=\"paragraph-subtitle\">&#8211; A facilitator<\/p>\n          <\/div>\n  <\/section>\n  \n\n\n<div class=\"wp-block-columns is-layout-flex wp-container-core-columns-is-layout-28f84493 wp-block-columns-is-layout-flex\">\n<div class=\"wp-block-column is-layout-flow wp-block-column-is-layout-flow\">\n<h2 class=\"wp-block-heading\">Supporting Parenting to Promote Children&#8217;s Development<\/h2>\n\n\n\n<p>Parenting practices play an essential role in child development. When they are appropriate, they encourage the adoption of prosocial behaviours and prevent the onset of disruptive behaviours in children (<em>Comeau et al., 2013<\/em>).<\/p>\n\n\n\n<p>They are, therefore, a prime target for favourably influencing a child&#8217;s development and adaptation (<em>Comeau, 2013; Smith et al., 2016<\/em>). Every parent, at one point or another in their journey may need support in exercising their role (<em>Gouvernement du Qu\u00e9bec, 2021<\/em>). It is not always easy for a parent to know, apply and maintain practices that promote their children&#8217;s development.<\/p>\n\n\n\n<p><strong>Parenting <\/strong>support programs may therefore provide an interesting solution to address the needs of <strong>parents seeking support<\/strong>. Numerous studies highlight the importance of investing in prevention to improve children&#8217;s health, well-being and functioning, while reducing the costs of specialized services (<em>Chorozoglou et al., 2015; Carbonneau et al., 2016; Government of Qu\u00e9bec, 2021<\/em>).<\/p>\n\n\n\n<p>In 2019, a number of observations were made about the state of <strong>family services<\/strong> in Qu\u00e9bec:<\/p>\n\n\n\n<ul class=\"wp-block-list\">\n<li>Services provided for parents of children aged 6 to 11 are limited and unevenly distributed across the regions<\/li>\n\n\n\n<li>There is currently no universal <strong>parenting support<\/strong> program funded by the government across Qu\u00e9bec<\/li>\n\n\n\n<li>The preventive <strong>psychosocial services<\/strong> need to be improved<\/li>\n<\/ul>\n\n\n\n<p>In addition, the use of current programs faces many obstacles, such as unstable human resources, limited financial resources and the lack of adaptation to Qu\u00e9bec realities (<em>Drouin and Leduc, 2019<\/em>).<\/p>\n\n\n\n<p>According to the report by the Special Commission on the Rights of the Child and Youth Protection (CSDEPJ), it is recommended to &#8220;Support the parents in order to better help the children: Deploy a parental support program for all parents, included in the basic preventive service offer&#8221; (<em>CSDEPJ, 2021<\/em>).<\/p>\n<\/div>\n<\/div>\n\n\n\n<div style=\"height:10px\" aria-hidden=\"true\" class=\"wp-block-spacer\"><\/div>\n\n\n\n<div style=\"height:10px\" aria-hidden=\"true\" class=\"wp-block-spacer\"><\/div>\n\n\n\n<h2 class=\"wp-block-heading has-text-align-center has-secondary-color has-text-color has-link-color wp-elements-5001689bd69d80d248f8f92a3bb7c2ed\">What You Get with H\u00e9lys 6-11<\/h2>\n\n\n<section class=\"text-icon-block aligndefault\"\n>\n   <div class=\"text-icon-block__col text-icon-block__col--icon\">\n          <span class=\"text-icon-block__icon icon-file-text-o\"><\/span>\n       <\/div>\n   <div class=\"text-icon-block__col text-icon-block__col--content\">\n              <p class=\"text-icon-block__title\">Training<\/p>\n            <div class=\"text-icon-block__content wysiwyg\"><p>The training takes place over two full days, for a total of 14 hours. It helps participants familiarize themselves with the contents of the program and master its implementation. Through\u00a0 practical activities and guided sessions, participants are introduced to the collaborative approach and deepen their understanding of the <strong>parenting<\/strong> concept.<\/p>\n<\/div>\n   <\/div>\n<\/section>\n\n\n<section class=\"text-icon-block aligndefault\"\n>\n   <div class=\"text-icon-block__col text-icon-block__col--icon\">\n          <span class=\"text-icon-block__icon icon-file-text-o\"><\/span>\n       <\/div>\n   <div class=\"text-icon-block__col text-icon-block__col--content\">\n              <p class=\"text-icon-block__title\">Support<\/p>\n            <div class=\"text-icon-block__content wysiwyg\"><p>Support for the first implementation of H\u00e9lys 6-11 include:<\/p>\n<ul>\n<li>A presentation of the program and its tenets to management<\/li>\n<li>A presentation in the environment<\/li>\n<li>A planning meeting for the implementation: to plan every step and distribute roles and responsibilities<\/li>\n<li>Two clinical support meetings for facilitators<\/li>\n<li>A review meeting to ensure the program&#8217;s sustainability<\/li>\n<\/ul>\n<\/div>\n   <\/div>\n<\/section>\n\n\n<section class=\"text-icon-block aligndefault\"\n>\n   <div class=\"text-icon-block__col text-icon-block__col--icon\">\n          <span class=\"text-icon-block__icon icon-file-text-o\"><\/span>\n       <\/div>\n   <div class=\"text-icon-block__col text-icon-block__col--content\">\n              <p class=\"text-icon-block__title\">Turnkey Tools <\/p>\n            <div class=\"text-icon-block__content wysiwyg\"><p>Various customizable turnkey tools are available to support the implementation of H\u00e9lys 6-11, including:<\/p>\n<ul>\n<li>Recruiting posters<\/li>\n<li>Follow-up tools for the facilitation of the workshop and implementation of the program<\/li>\n<li>Planning tools and implementation assessment tools<\/li>\n<\/ul>\n<\/div>\n   <\/div>\n<\/section>\n\n\n\n<div style=\"height:10px\" aria-hidden=\"true\" class=\"wp-block-spacer\"><\/div>\n\n\n\n<div class=\"wp-block-group is-layout-constrained wp-block-group-is-layout-constrained\">\n<h2 class=\"wp-block-heading\">The Impact of the H\u00e9lys 6-11 program on Qu\u00e9bec&#8217;s families&#8217; parenting<\/h2>\n\n\n\n<p>Per  the initial qualitative observations from the experimentation phase, the program seems to have a promising impact on various aspects:<\/p>\n\n\n\n<ul class=\"wp-block-list\">\n<li><strong>Knowledge:<\/strong> The participants have developed a better understanding of their child and have learned useful techniques they can apply.<\/li>\n\n\n\n<li><strong>Attitude and Reflexivity:<\/strong> The participants have shown a capacity for self-observation and an ability to analyse their behaviours, which has reinforced their sense of parental competence.<\/li>\n\n\n\n<li><strong>Behaviour of the Child and the Parent:<\/strong> We noted an increase in self-sufficiency, empowerment and the verbalization of emotions in the child. Parents have also applied the techniques they learned, which has contributed to better parent-child interactions.<\/li>\n\n\n\n<li><strong>Co-Parenting:<\/strong> We also noticed a better balance between parental roles, and that the knowledge acquired in the workshop was shared with the partner, which has fostered more coherence in child education.<\/li>\n<\/ul>\n\n\n\n<p>These results suggest the program has a positive impact on family dynamics and the development of parenting competencies.<\/p>\n<\/div>\n\n\n\n<div style=\"height:10px\" aria-hidden=\"true\" class=\"wp-block-spacer\"><\/div>\n\n\n\n<h3 class=\"wp-block-heading has-text-align-center\"><strong>Implementing H\u00e9lys 6-11: <strong>The Essentials <\/strong><\/strong><\/h3>\n\n\n\n<div class=\"wp-block-columns is-layout-flex wp-container-core-columns-is-layout-28f84493 wp-block-columns-is-layout-flex\">\n<div class=\"wp-block-column is-layout-flow wp-block-column-is-layout-flow\">\n<p><strong>Ongoing Commitment of the Management and Project Manager:<\/strong> For an effective implementation, the project manager commits to be present during the various meetings on the implementation process and to allocate the required human and material resources for the project.<\/p>\n\n\n\n<p><strong>Required Human and Material Resources:<\/strong> A minimum of two facilitators, having an undergraduate training in psychosocial intervention, or experience in family intervention, is necessary to facilitate the program. The facilitators must be able to adapt to the parents&#8217; schedules.<br><br>If needed, they must have access to clinical support in their environment. A resource person must be hired to lead the project and coordinate the tasks associated with the program&#8217;s implementation. Each environment must have access to facilities that can accommodate up to 20 adults during the workshops and provide program guides.<\/p>\n<\/div>\n<\/div>\n\n\n\n<div style=\"height:10px\" aria-hidden=\"true\" class=\"wp-block-spacer\"><\/div>\n\n\n\n<div style=\"height:10px\" aria-hidden=\"true\" class=\"wp-block-spacer\"><\/div>\n\n\n\n<section class=\"wp-block-vortex-blocks-single-color-box single-color-box-block has-white-color has-helys-2-background-color has-text-color has-background\" id=\"infohelys611\">\n<h2 class=\"wp-block-heading\">Take the Next Steps<\/h2>\n\n\n\n<p class=\"has-large-font-size\">Would you like more information or to find out more about H\u00e9lys 6-11?<\/p>\n\n\n\n<p><iframe loading=\"lazy\" src=\"https:\/\/boscoville.odoo.com\/information-helys-6-11-en\" style=\"border:0px #ffffff none;\" name=\"myiFrame\" scrolling=\"no\" frameborder=\"1\" marginheight=\"0px\" marginwidth=\"0px\" height=\"880px\" width=\"600px\" allowfullscreen=\"\"><\/iframe><\/p>\n<\/section>\n\n\n\n<div style=\"height:10px\" aria-hidden=\"true\" class=\"wp-block-spacer\"><\/div>\n\n\n  <section class=\"paragraph-banner-block alignfull has-background has-helys-2-background-color\"\n  >\n    <div class=\"paragraph-banner-block__inner container\">\n      <p class=\"paragraph-text\">&#8220;<em>A program considered as coherent, relevant and generating interest. Parents would recommend the program to other parents. Some even wanted more<\/em>.&#8221;<\/p>\n              <p class=\"paragraph-subtitle\">&#8211; A facilitator<\/p>\n          <\/div>\n  <\/section>\n  \n\n\n<div style=\"height:10px\" aria-hidden=\"true\" class=\"wp-block-spacer\"><\/div>\n\n\n\n<h2 class=\"wp-block-heading has-secondary-color has-text-color has-link-color wp-elements-b35b268ac86fb5f50ca837ed50d2782d\">The H\u00e9lys 6-11 Program Across Qu\u00e9bec<\/h2>\n\n\n\n<div class=\"wp-block-media-text is-stacked-on-mobile\"><figure class=\"wp-block-media-text__media\"><img loading=\"lazy\" decoding=\"async\" width=\"791\" height=\"1024\" src=\"https:\/\/www.boscoville.ca\/wp-content\/uploads\/2024\/08\/Helys-6-11-ans-791x1024.png\" alt=\"\" class=\"wp-image-15509 size-full\" title=\"\" srcset=\"https:\/\/www.boscoville.ca\/wp-content\/uploads\/2024\/08\/Helys-6-11-ans-791x1024.png 791w, https:\/\/www.boscoville.ca\/wp-content\/uploads\/2024\/08\/Helys-6-11-ans-232x300.png 232w, https:\/\/www.boscoville.ca\/wp-content\/uploads\/2024\/08\/Helys-6-11-ans-768x994.png 768w, https:\/\/www.boscoville.ca\/wp-content\/uploads\/2024\/08\/Helys-6-11-ans-1186x1536.png 1186w, https:\/\/www.boscoville.ca\/wp-content\/uploads\/2024\/08\/Helys-6-11-ans.png 1483w\" sizes=\"auto, (max-width: 791px) 100vw, 791px\" \/><\/figure><div class=\"wp-block-media-text__content\">\n<p><\/p>\n\n\n<p class=\"statistic-item-block aligndefault\">\n  <span class=\"statistic-item-block__number\">8<\/span>\n      <span class=\"statistic-item-block__label\">TRAINED SOCIAL CARE PROFESSIONALS<\/span>\n  <\/p>\n\n\n<p class=\"statistic-item-block aligndefault\">\n  <span class=\"statistic-item-block__number\">3<\/span>\n      <span class=\"statistic-item-block__label\">AUTHORIZED ENVIRONMENTS<\/span>\n  <\/p>\n<\/div><\/div>\n\n\n\n<h2 class=\"wp-block-heading\">Useful Links<\/h2>\n\n\n\n<div class=\"wp-block-columns is-layout-flex wp-container-core-columns-is-layout-28f84493 wp-block-columns-is-layout-flex\">\n<div class=\"wp-block-column is-layout-flow wp-block-column-is-layout-flow\" style=\"flex-basis:25%\">\n<figure class=\"wp-block-image size-large\"><img loading=\"lazy\" decoding=\"async\" width=\"1024\" height=\"1024\" src=\"https:\/\/www.boscoville.ca\/wp-content\/uploads\/2024\/08\/Creation-sans-titre-2024-08-20T141720.341-1024x1024.png\" alt=\"\" class=\"wp-image-15506\" title=\"\" srcset=\"https:\/\/www.boscoville.ca\/wp-content\/uploads\/2024\/08\/Creation-sans-titre-2024-08-20T141720.341-1024x1024.png 1024w, https:\/\/www.boscoville.ca\/wp-content\/uploads\/2024\/08\/Creation-sans-titre-2024-08-20T141720.341-300x300.png 300w, https:\/\/www.boscoville.ca\/wp-content\/uploads\/2024\/08\/Creation-sans-titre-2024-08-20T141720.341-150x150.png 150w, https:\/\/www.boscoville.ca\/wp-content\/uploads\/2024\/08\/Creation-sans-titre-2024-08-20T141720.341-768x768.png 768w, https:\/\/www.boscoville.ca\/wp-content\/uploads\/2024\/08\/Creation-sans-titre-2024-08-20T141720.341.png 1080w\" sizes=\"auto, (max-width: 1024px) 100vw, 1024px\" \/><\/figure>\n<\/div>\n\n\n\n<div class=\"wp-block-column is-layout-flow wp-block-column-is-layout-flow\" style=\"flex-basis:50%\">\n<h2 class=\"wp-block-heading\">Get the Latest About H\u00e9lys 6-11! <\/h2>\n\n\n\n<div class=\"wp-block-buttons is-layout-flex wp-block-buttons-is-layout-flex\">\n<div class=\"wp-block-button is-style-accent-link\"><a class=\"wp-block-button__link wp-element-button\" href=\"<!--[CDATA[https:\/\/boscoville.us9.list-manage.com\/subscribe?u=5078db06340f73552ddaa764f&amp;id=a1b8f55d08]]--&gt;\"><strong>Subscribe to Our Newsletter<\/strong><\/a><\/div>\n<\/div>\n<\/div>\n\n\n\n<div class=\"wp-block-column is-layout-flow wp-block-column-is-layout-flow\" style=\"flex-basis:25%\"><\/div>\n<\/div>\n\n\n\n<div style=\"height:10px\" aria-hidden=\"true\" class=\"wp-block-spacer\"><\/div>\n\n\n\n<div class=\"wp-block-columns is-layout-flex wp-container-core-columns-is-layout-28f84493 wp-block-columns-is-layout-flex\">\n<div class=\"wp-block-column is-layout-flow wp-block-column-is-layout-flow\" style=\"flex-basis:25%\">\n<h3 class=\"wp-block-heading\">Infographic H\u00e9lys 6-11 <\/h3>\n<\/div>\n\n\n\n<div class=\"wp-block-column is-layout-flow wp-block-column-is-layout-flow\" style=\"flex-basis:50%\">\n<p>This infographic offers a clear overview of the principles and benefits of H\u00e9lys 6-11, a universal program supporting parenting.<\/p>\n\n\n\n<div class=\"wp-block-buttons is-layout-flex wp-block-buttons-is-layout-flex\">\n<div class=\"wp-block-button\"><a class=\"wp-block-button__link wp-element-button\" href=\"https:\/\/www.boscoville.ca\/wp-content\/uploads\/2024\/11\/AFFICHE-PROMO-DEPLOIEMENT.png\">See the infographic (in FR)<\/a><\/div>\n<\/div>\n<\/div>\n\n\n\n<div class=\"wp-block-column is-layout-flow wp-block-column-is-layout-flow\" style=\"flex-basis:25%\">\n<div class=\"wp-block-buttons is-layout-flex wp-block-buttons-is-layout-flex\">\n<div class=\"wp-block-button is-style-outline is-style-outline--1\"><a class=\"wp-block-button__link wp-element-button\" href=\"https:\/\/www.boscoville.ca\/wp-content\/uploads\/2024\/11\/AFFICHE-PROMO-DEPLOIEMENT.png\"><strong>Infographic H\u00e9lys 6-11 <\/strong><\/a><\/div>\n<\/div>\n<\/div>\n<\/div>\n\n\n\n<div style=\"height:5px\" aria-hidden=\"true\" class=\"wp-block-spacer\"><\/div>\n\n\n\n<h2 class=\"wp-block-heading\" id=\"rapport\"><strong>Additional<\/strong> Information  <\/h2>\n\n\n\n<div class=\"wp-block-columns is-layout-flex wp-container-core-columns-is-layout-28f84493 wp-block-columns-is-layout-flex\">\n<div class=\"wp-block-column is-layout-flow wp-block-column-is-layout-flow\" style=\"flex-basis:25%\">\n<h4 class=\"wp-block-heading\">Report from the Director of Public Health: The Health and Development of <strong>Children<\/strong> in Montr\u00e9al<\/h4>\n<\/div>\n\n\n\n<div class=\"wp-block-column is-layout-flow wp-block-column-is-layout-flow\" style=\"flex-basis:50%\">\n<p><a href=\"https:\/\/www.linkedin.com\/in\/myl%C3%A8ne-drouin-1953a824\/\" data-type=\"link\" data-id=\"https:\/\/www.linkedin.com\/in\/myl%C3%A8ne-drouin-1953a824\/\" target=\"_blank\" rel=\"noopener\">Dr. Myl\u00e8ne Drouin,<\/a> Director of the <a href=\"https:\/\/ciusss-centresudmtl.gouv.qc.ca\/propos\/qui-sommes-nous\/direction-regionale-de-sante-publique-drsp-de-montreal\" data-type=\"link\" data-id=\"https:\/\/ciusss-centresudmtl.gouv.qc.ca\/propos\/qui-sommes-nous\/direction-regionale-de-sante-publique-drsp-de-montreal\" target=\"_blank\" rel=\"noopener\">Regional Public Health Directorate of Montr\u00e9al<\/a>, published a report on the health and development of children in Montr\u00e9al, offering a description of children aged 0 to 12 through their experiences and living environments.<\/p>\n\n\n\n<p>In response, <strong>Boscoville <\/strong>is proud of <strong>H\u00e9lys<\/strong>, its latest universal program supporting parenting practices, designed to reinforce the competencies of <strong>parents <\/strong>and promote positive practices for the <strong>well-being<\/strong> and <strong>development <\/strong>of <strong>children<\/strong>. <em>See Chapter 7, page 22<\/em><\/p>\n<\/div>\n\n\n\n<div class=\"wp-block-column is-layout-flow wp-block-column-is-layout-flow\" style=\"flex-basis:25%\">\n<div class=\"wp-block-buttons is-layout-flex wp-block-buttons-is-layout-flex\">\n<div class=\"wp-block-button is-style-outline is-style-outline--2\"><a class=\"wp-block-button__link wp-element-button\" href=\"<!--[CDATA[https:\/\/www.boscoville.ca\/wp-content\/uploads\/2024\/10\/DRSP_Pub_2024_10_21_SanteDevEnfantsRapport.pdf]]--&gt;\"><strong>Report on the Health and Development of Children in Montr\u00e9al <\/strong><\/a><\/div>\n<\/div>\n<\/div>\n<\/div>\n\n\n\n<div class=\"wp-block-buttons is-content-justification-center is-layout-flex wp-container-core-buttons-is-layout-a89b3969 wp-block-buttons-is-layout-flex\">\n<div class=\"wp-block-button\"><a class=\"wp-block-button__link wp-element-button\">See the report (in FR)<\/a><\/div>\n<\/div>\n\n\n\n<div style=\"height:10px\" aria-hidden=\"true\" class=\"wp-block-spacer\"><\/div>\n\n\n  <section class=\"custom-contents-grid-block aligndefault\"\n  >\n          <div class=\"custom-contents-grid-block__heading\">\n    <div class=\"title-wrapper\">\n      <h2>Find Out <strong>More<\/strong><\/h2>\n    <\/div>\n    <div class=\"program__button-wrapper\">\n            <a href=\"\/actualites\/?_post_categories=programme&#038;_post_tags=helys\" class=\"btn\">See all<\/a>\n    <\/div>\n  <\/div>\n        <div class=\"custom-contents-grid-block__listing-wrapper\">\n      <div class=\"listing\">\n                  <a href=\"https:\/\/www.boscoville.ca\/en\/news\/make-everyday-life-childs-play\/\" class=\"custom-content-item\">\n            <div class=\"custom-content-item__thumbnail-wrapper\">\n              <img decoding=\"async\" src=\"https:\/\/www.boscoville.ca\/wp-content\/themes\/boscoville.ca\/dist\/images\/defaults\/default.jpg\" alt=\"\" title=\"\">            <\/div>\n            <p class=\"custom-content-item__title\">Make everyday life child&#039;s play<\/p>\n            <p class=\"custom-content-item__subtitle\">Read more<\/p>\n          <\/a>\n                  <a href=\"https:\/\/www.boscoville.ca\/en\/news\/more-family-celebration-ideas-to-inspire-you\/\" class=\"custom-content-item\">\n            <div class=\"custom-content-item__thumbnail-wrapper\">\n              <img decoding=\"async\" src=\"https:\/\/www.boscoville.ca\/wp-content\/themes\/boscoville.ca\/dist\/images\/defaults\/default.jpg\" alt=\"\" title=\"\">            <\/div>\n            <p class=\"custom-content-item__title\">More family celebration ideas to inspire you<\/p>\n            <p class=\"custom-content-item__subtitle\">Read more<\/p>\n          <\/a>\n                  <a href=\"https:\/\/www.boscoville.ca\/en\/news\/structure-your-family-routine\/\" class=\"custom-content-item\">\n            <div class=\"custom-content-item__thumbnail-wrapper\">\n              <img decoding=\"async\" src=\"https:\/\/www.boscoville.ca\/wp-content\/themes\/boscoville.ca\/dist\/images\/defaults\/default.jpg\" alt=\"\" title=\"\">            <\/div>\n            <p class=\"custom-content-item__title\">Structure your family routine<\/p>\n            <p class=\"custom-content-item__subtitle\">Read more<\/p>\n          <\/a>\n              <\/div>\n    <\/div>\n  <\/section>\n  \n\n\n<div style=\"height:65px\" aria-hidden=\"true\" class=\"wp-block-spacer\"><\/div>\n\n\n\n<h2 class=\"wp-block-heading\">Researchers and Consultants<\/h2>\n\n\n\n<h3 class=\"wp-block-heading\">Research Associates and Students<\/h3>\n\n\n  <section class=\"team-members-listing-block aligndefault\"\n  >\n\n          <h2 class=\"team-members-listing-block__single-title\">\n              <\/h2>\n    \n    <div class=\"team-members-listing-block__listing-wrapper\">\n      <div class=\"team-members-listing team-members-listing--cols-4\">\n        \n<div class=\"team-member-item\">\n  <div class=\"team-member-item__thumbnail-wrapper\">\n    <img decoding=\"async\" src=\"https:\/\/www.boscoville.ca\/wp-content\/themes\/boscoville.ca\/dist\/images\/defaults\/default.jpg\" alt=\"\" title=\"\">  <\/div>\n  <div class=\"team-member-item__content-wrapper\">\n    <p class=\"team-member-item__title\">Maude Campeau<\/p>\n          <p class=\"team-member-item__role\">Undergraduate student in Psychology and Research Assistant, Universit\u00e9 de Montr\u00e9al.<\/p>\n              <\/div>\n<\/div>\n\n<div class=\"team-member-item\">\n  <div class=\"team-member-item__thumbnail-wrapper\">\n    <img loading=\"lazy\" decoding=\"async\" width=\"300\" height=\"300\" src=\"https:\/\/www.boscoville.ca\/wp-content\/uploads\/2023\/02\/SarahDufour_chercheuse2023_300x300.png\" alt=\"\" srcset=\"https:\/\/www.boscoville.ca\/wp-content\/uploads\/2023\/02\/SarahDufour_chercheuse2023_300x300.png 300w, https:\/\/www.boscoville.ca\/wp-content\/uploads\/2023\/02\/SarahDufour_chercheuse2023_300x300-150x150.png 150w\" sizes=\"auto, (max-width: 300px) 100vw, 300px\" title=\"\">  <\/div>\n  <div class=\"team-member-item__content-wrapper\">\n    <p class=\"team-member-item__title\">Sarah Dufour, Ph. D.<\/p>\n          <p class=\"team-member-item__role\">Full Professor, School of Psychoeducation, Universit\u00e9 de Montr\u00e9al.<\/p>\n              <\/div>\n<\/div>\n\n<div class=\"team-member-item\">\n  <div class=\"team-member-item__thumbnail-wrapper\">\n    <img loading=\"lazy\" decoding=\"async\" width=\"1024\" height=\"1024\" src=\"https:\/\/www.boscoville.ca\/wp-content\/uploads\/2024\/02\/Creation-sans-titre-48-1024x1024.png\" alt=\"\" srcset=\"https:\/\/www.boscoville.ca\/wp-content\/uploads\/2024\/02\/Creation-sans-titre-48-1024x1024.png 1024w, https:\/\/www.boscoville.ca\/wp-content\/uploads\/2024\/02\/Creation-sans-titre-48-300x300.png 300w, https:\/\/www.boscoville.ca\/wp-content\/uploads\/2024\/02\/Creation-sans-titre-48-150x150.png 150w, https:\/\/www.boscoville.ca\/wp-content\/uploads\/2024\/02\/Creation-sans-titre-48-768x768.png 768w, https:\/\/www.boscoville.ca\/wp-content\/uploads\/2024\/02\/Creation-sans-titre-48.png 1080w\" sizes=\"auto, (max-width: 1024px) 100vw, 1024px\" title=\"\">  <\/div>\n  <div class=\"team-member-item__content-wrapper\">\n    <p class=\"team-member-item__title\">M\u00e9lanie Jodoin<\/p>\n          <p class=\"team-member-item__role\">\u00c9tudiante \u00e0 la ma\u00eetrise, \u00c9cole de psycho\u00e9ducation | Universit\u00e9 de Montr\u00e9al<\/p>\n              <\/div>\n<\/div>\n      <\/div>\n    <\/div>\n  <\/section>\n  \n\n\n<h3 class=\"wp-block-heading\">Science Committee<\/h3>\n\n\n  <section class=\"team-members-listing-block aligndefault\"\n  >\n\n          <h2 class=\"team-members-listing-block__single-title\">\n              <\/h2>\n    \n    <div class=\"team-members-listing-block__listing-wrapper\">\n      <div class=\"team-members-listing team-members-listing--cols-4\">\n        \n<div class=\"team-member-item\">\n  <div class=\"team-member-item__thumbnail-wrapper\">\n    <img decoding=\"async\" src=\"https:\/\/www.boscoville.ca\/wp-content\/themes\/boscoville.ca\/dist\/images\/defaults\/default.jpg\" alt=\"\" title=\"\">  <\/div>\n  <div class=\"team-member-item__content-wrapper\">\n    <p class=\"team-member-item__title\">Annie B\u00e9rub\u00e9, Ph.D<\/p>\n          <p class=\"team-member-item__role\">Professor, Department of Psychoeducation and Psychology, Universit\u00e9 du Qu\u00e9bec en Outaouais (UQO).<\/p>\n              <\/div>\n<\/div>\n\n<div class=\"team-member-item\">\n  <div class=\"team-member-item__thumbnail-wrapper\">\n    <img decoding=\"async\" src=\"https:\/\/www.boscoville.ca\/wp-content\/themes\/boscoville.ca\/dist\/images\/defaults\/default.jpg\" alt=\"\" title=\"\">  <\/div>\n  <div class=\"team-member-item__content-wrapper\">\n    <p class=\"team-member-item__title\">Suzanne De Blois MD, FRCPC<\/p>\n          <p class=\"team-member-item__role\">Specialist Physician in Public Health and Preventive Medicine (retired)<\/p>\n              <\/div>\n<\/div>\n\n<div class=\"team-member-item\">\n  <div class=\"team-member-item__thumbnail-wrapper\">\n    <img loading=\"lazy\" decoding=\"async\" width=\"1024\" height=\"1024\" src=\"https:\/\/www.boscoville.ca\/wp-content\/uploads\/2024\/02\/Creation-sans-titre-47-1024x1024.png\" alt=\"\" srcset=\"https:\/\/www.boscoville.ca\/wp-content\/uploads\/2024\/02\/Creation-sans-titre-47-1024x1024.png 1024w, https:\/\/www.boscoville.ca\/wp-content\/uploads\/2024\/02\/Creation-sans-titre-47-300x300.png 300w, https:\/\/www.boscoville.ca\/wp-content\/uploads\/2024\/02\/Creation-sans-titre-47-150x150.png 150w, https:\/\/www.boscoville.ca\/wp-content\/uploads\/2024\/02\/Creation-sans-titre-47-768x768.png 768w, https:\/\/www.boscoville.ca\/wp-content\/uploads\/2024\/02\/Creation-sans-titre-47.png 1080w\" sizes=\"auto, (max-width: 1024px) 100vw, 1024px\" title=\"\">  <\/div>\n  <div class=\"team-member-item__content-wrapper\">\n    <p class=\"team-member-item__title\">Marie-H\u00e9l\u00e8ne Gagn\u00e9, M.Ps., Ph. D.<\/p>\n          <p class=\"team-member-item__role\">Full Professor, School of Psychology, Universit\u00e9 Laval.<\/p>\n              <\/div>\n<\/div>\n\n<div class=\"team-member-item\">\n  <div class=\"team-member-item__thumbnail-wrapper\">\n    <img loading=\"lazy\" decoding=\"async\" width=\"300\" height=\"300\" src=\"https:\/\/www.boscoville.ca\/wp-content\/uploads\/2023\/02\/MarieEveClement_chercheuse2023_300x300.png\" alt=\"\" srcset=\"https:\/\/www.boscoville.ca\/wp-content\/uploads\/2023\/02\/MarieEveClement_chercheuse2023_300x300.png 300w, https:\/\/www.boscoville.ca\/wp-content\/uploads\/2023\/02\/MarieEveClement_chercheuse2023_300x300-150x150.png 150w\" sizes=\"auto, (max-width: 300px) 100vw, 300px\" title=\"\">  <\/div>\n  <div class=\"team-member-item__content-wrapper\">\n    <p class=\"team-member-item__title\">Marie-\u00c8ve Cl\u00e9ment, Ph. D.<\/p>\n          <p class=\"team-member-item__role\">Full Professor, Department of Psychoeducation and Psychology, Universit\u00e9 du Qu\u00e9bec en Outaouais (UQO).<\/p>\n              <\/div>\n<\/div>\n      <\/div>\n    <\/div>\n  <\/section>\n  \n\n\n<h3 class=\"wp-block-heading\">External Advice<\/h3>\n\n\n  <section class=\"team-members-listing-block aligndefault\"\n  >\n\n          <h2 class=\"team-members-listing-block__single-title\">\n              <\/h2>\n    \n    <div class=\"team-members-listing-block__listing-wrapper\">\n      <div class=\"team-members-listing team-members-listing--cols-4\">\n        \n<div class=\"team-member-item\">\n  <div class=\"team-member-item__thumbnail-wrapper\">\n    <img decoding=\"async\" src=\"https:\/\/www.boscoville.ca\/wp-content\/themes\/boscoville.ca\/dist\/images\/defaults\/default.jpg\" alt=\"\" title=\"\">  <\/div>\n  <div class=\"team-member-item__content-wrapper\">\n    <p class=\"team-member-item__title\">Julie Mayer<\/p>\n          <p class=\"team-member-item__role\">Social Impact Campaign Coordinator<\/p>\n              <\/div>\n<\/div>\n\n<div class=\"team-member-item\">\n  <div class=\"team-member-item__thumbnail-wrapper\">\n    <img decoding=\"async\" src=\"https:\/\/www.boscoville.ca\/wp-content\/themes\/boscoville.ca\/dist\/images\/defaults\/default.jpg\" alt=\"\" title=\"\">  <\/div>\n  <div class=\"team-member-item__content-wrapper\">\n    <p class=\"team-member-item__title\">Jean-Fran\u00e7ois<\/p>\n          <p class=\"team-member-item__role\">agent de planification programmation et recherche de la DRSP<\/p>\n              <\/div>\n<\/div>\n\n<div class=\"team-member-item\">\n  <div class=\"team-member-item__thumbnail-wrapper\">\n    <img decoding=\"async\" src=\"https:\/\/www.boscoville.ca\/wp-content\/themes\/boscoville.ca\/dist\/images\/defaults\/default.jpg\" alt=\"\" title=\"\">  <\/div>\n  <div class=\"team-member-item__content-wrapper\">\n    <p class=\"team-member-item__title\">Raymond Villeneuve<\/p>\n          <p class=\"team-member-item__role\">Directeur G\u00e9n\u00e9ral : Regroupement pour la Valorisation de la Paternit\u00e9<\/p>\n              <\/div>\n<\/div>\n      <\/div>\n    <\/div>\n  <\/section>\n  \n\n  <section class=\"paragraph-banner-block alignfull has-background has-helys-2-background-color\"\n  >\n    <div class=\"paragraph-banner-block__inner container\">\n      <p class=\"paragraph-text\">&#8220;Honestly, I liked it. There was not a day where I had to force myself to stay for the workshops. I thought it was interesting.&#8221;<\/p>\n              <p class=\"paragraph-subtitle\">&#8211; A facilitator<\/p>\n          <\/div>\n  <\/section>\n  \n\n\n<div style=\"height:5px\" aria-hidden=\"true\" class=\"wp-block-spacer\"><\/div>\n\n\n\n<h2 class=\"wp-block-heading\">This program was developed in partnership with<\/h2>\n\n\n\n<div class=\"wp-block-columns is-layout-flex wp-container-core-columns-is-layout-28f84493 wp-block-columns-is-layout-flex\">\n<div class=\"wp-block-column is-layout-flow wp-block-column-is-layout-flow\">\n<figure class=\"wp-block-image size-full\"><a href=\"https:\/\/ciusss-centresudmtl.gouv.qc.ca\/propos\/qui-sommes-nous\/direction-regionale-de-sante-publique-drsp-de-montreal\" target=\"_blank\" rel=\"noopener\"><img loading=\"lazy\" decoding=\"async\" width=\"693\" height=\"355\" src=\"https:\/\/www.boscoville.ca\/wp-content\/uploads\/2024\/07\/CIUSSS_CSM-DRSP-std.jpg\" alt=\"Direction r\u00e9gionale de sant\u00e9 publique de Montr\u00e9al\" class=\"wp-image-14695\" title=\"\" srcset=\"https:\/\/www.boscoville.ca\/wp-content\/uploads\/2024\/07\/CIUSSS_CSM-DRSP-std.jpg 693w, https:\/\/www.boscoville.ca\/wp-content\/uploads\/2024\/07\/CIUSSS_CSM-DRSP-std-300x154.jpg 300w\" sizes=\"auto, (max-width: 693px) 100vw, 693px\" \/><\/a><\/figure>\n<\/div>\n\n\n\n<div class=\"wp-block-column is-layout-flow wp-block-column-is-layout-flow\">\n<figure class=\"wp-block-image size-full\"><a href=\"https:\/\/www.reseaureussitemontreal.ca\/\" target=\"_blank\" rel=\"noopener\"><img loading=\"lazy\" decoding=\"async\" width=\"400\" height=\"152\" src=\"https:\/\/www.boscoville.ca\/wp-content\/uploads\/2022\/10\/Logo_final_RRM-CMYK-FR.jpeg\" alt=\"R\u00e9seau r\u00e9ussite Montr\u00e9al\" class=\"wp-image-7563\" title=\"\" srcset=\"https:\/\/www.boscoville.ca\/wp-content\/uploads\/2022\/10\/Logo_final_RRM-CMYK-FR.jpeg 400w, https:\/\/www.boscoville.ca\/wp-content\/uploads\/2022\/10\/Logo_final_RRM-CMYK-FR-300x114.jpeg 300w\" sizes=\"auto, (max-width: 400px) 100vw, 400px\" \/><\/a><\/figure>\n<\/div>\n\n\n\n<div class=\"wp-block-column is-layout-flow wp-block-column-is-layout-flow\">\n<figure class=\"wp-block-image size-large\"><a href=\"https:\/\/www.umontreal.ca\/en\/\" target=\"_blank\" rel=\"noopener\"><img loading=\"lazy\" decoding=\"async\" width=\"1024\" height=\"406\" src=\"https:\/\/www.boscoville.ca\/wp-content\/uploads\/2024\/07\/UdeMtl_transparent-e1720537598245-1024x406.png\" alt=\"Universit\u00e9 de Montr\u00e9al\" class=\"wp-image-14693\" title=\"\" srcset=\"https:\/\/www.boscoville.ca\/wp-content\/uploads\/2024\/07\/UdeMtl_transparent-e1720537598245-1024x406.png 1024w, https:\/\/www.boscoville.ca\/wp-content\/uploads\/2024\/07\/UdeMtl_transparent-e1720537598245-300x119.png 300w, https:\/\/www.boscoville.ca\/wp-content\/uploads\/2024\/07\/UdeMtl_transparent-e1720537598245-768x304.png 768w, https:\/\/www.boscoville.ca\/wp-content\/uploads\/2024\/07\/UdeMtl_transparent-e1720537598245-1536x609.png 1536w, https:\/\/www.boscoville.ca\/wp-content\/uploads\/2024\/07\/UdeMtl_transparent-e1720537598245.png 1920w\" sizes=\"auto, (max-width: 1024px) 100vw, 1024px\" \/><\/a><\/figure>\n<\/div>\n\n\n\n<div class=\"wp-block-column is-layout-flow wp-block-column-is-layout-flow\"><\/div>\n<\/div>\n\n\n\n<div style=\"height:10px\" aria-hidden=\"true\" class=\"wp-block-spacer\"><\/div>\n\n\n\n<section class=\"wp-block-vortex-blocks-logos-carousel logos-carousel-block\"><div class=\"logos-carousel-block__heading\"><h2 class=\"sct-title\">In Partnership With<\/h2><\/div><div class=\"logos-carousel-block__carousel-wrapper\"><div class=\"logos-carousel-block__carousel swiper\"><div class=\"swiper-wrapper\">\n<div class=\"logo-item swiper-slide\">\n  <a href=\"https:\/\/csspi.gouv.qc.ca\" class=\"logo-item__inner\" target=\"_blank\" rel=\"noopener\">          <p>Logo Item<\/p>\n      <\/a><\/div>\n\n\n\n<div class=\"logo-item swiper-slide\">\n  <a href=\"https:\/\/ciusss-centresudmtl.gouv.qc.ca\/\" class=\"logo-item__inner\" target=\"_blank\" rel=\"noopener\">          <img loading=\"lazy\" decoding=\"async\" width=\"180\" height=\"81\" src=\"https:\/\/www.boscoville.ca\/wp-content\/uploads\/2022\/06\/logo.png\" alt=\"Logo Item\" title=\"\">      <\/a><\/div>\n\n\n\n<div class=\"logo-item swiper-slide\">\n  <a href=\"https:\/\/www.ymcaquebec.org\/fr\/Accueil\" class=\"logo-item__inner\" target=\"_blank\" rel=\"noopener\">          <p>Logo Item<\/p>\n      <\/a><\/div>\n\n\n\n<div class=\"logo-item swiper-slide\">\n  <a href=\"https:\/\/www.lbpsb.qc.ca\/fr\/\" class=\"logo-item__inner\" target=\"_blank\" rel=\"noopener\">          <p>Logo Item<\/p>\n      <\/a><\/div>\n\n\n\n<div class=\"logo-item swiper-slide\">\n  <a href=\"https:\/\/uqo.ca\/\" class=\"logo-item__inner\" target=\"_blank\" rel=\"noopener\">          <img loading=\"lazy\" decoding=\"async\" width=\"300\" height=\"144\" src=\"https:\/\/www.boscoville.ca\/wp-content\/uploads\/2024\/07\/QUIOutaouais-300x144.png\" alt=\"Logo Item\" srcset=\"https:\/\/www.boscoville.ca\/wp-content\/uploads\/2024\/07\/QUIOutaouais-300x144.png 300w, https:\/\/www.boscoville.ca\/wp-content\/uploads\/2024\/07\/QUIOutaouais.png 520w\" sizes=\"auto, (max-width: 300px) 100vw, 300px\" title=\"\">      <\/a><\/div>\n\n\n\n<div class=\"logo-item swiper-slide\">\n  <a href=\"https:\/\/www.ciusssnordmtl.ca\/installations\/clsc\/clsc-dahuntsic\/\" class=\"logo-item__inner\" target=\"_blank\" rel=\"noopener\">          <p>Logo Item<\/p>\n      <\/a><\/div>\n<\/div><\/div><div class=\"logos-carousel-block__carousel-navigation\"><div class=\"swiper-button-prev\"><\/div><div class=\"swiper-button-next\"><\/div><\/div><\/div><\/section>\n","protected":false},"excerpt":{"rendered":"<p>H\u00e9lys fosters the acquisition of positive practices among parents of children aged 6 to 11, in relation to their role. <\/p>\n","protected":false},"featured_media":17525,"template":"","program-category":[117,116,142],"program-age-group":[141],"class_list":["post-16980","deployment-program","type-deployment-program","status-publish","has-post-thumbnail","hentry","program-category-healthcare-and-social-services-network","program-category-community","program-category-early-childhood-services-and-school-environments","program-age-group-6-to-11-years-old"],"acf":[],"_links":{"self":[{"href":"https:\/\/www.boscoville.ca\/en\/wp-json\/wp\/v2\/deployment-program\/16980","targetHints":{"allow":["GET"]}}],"collection":[{"href":"https:\/\/www.boscoville.ca\/en\/wp-json\/wp\/v2\/deployment-program"}],"about":[{"href":"https:\/\/www.boscoville.ca\/en\/wp-json\/wp\/v2\/types\/deployment-program"}],"wp:featuredmedia":[{"embeddable":true,"href":"https:\/\/www.boscoville.ca\/en\/wp-json\/wp\/v2\/media\/17525"}],"wp:attachment":[{"href":"https:\/\/www.boscoville.ca\/en\/wp-json\/wp\/v2\/media?parent=16980"}],"wp:term":[{"taxonomy":"program-category","embeddable":true,"href":"https:\/\/www.boscoville.ca\/en\/wp-json\/wp\/v2\/program-category?post=16980"},{"taxonomy":"program-age-group","embeddable":true,"href":"https:\/\/www.boscoville.ca\/en\/wp-json\/wp\/v2\/program-age-group?post=16980"}],"curies":[{"name":"wp","href":"https:\/\/api.w.org\/{rel}","templated":true}]}}